{"id":370,"date":"2023-09-05T09:28:45","date_gmt":"2023-09-05T12:28:45","guid":{"rendered":"https:\/\/institucionales.fceqyn.unam.edu.ar\/especializacionbioquimicaclinica\/?page_id=370"},"modified":"2026-03-26T09:05:41","modified_gmt":"2026-03-26T12:05:41","slug":"egresados","status":"publish","type":"page","link":"https:\/\/institucionales.fceqyn.unam.edu.ar\/especializacionbioquimicaclinica\/egresados\/","title":{"rendered":"Egresados"},"content":{"rendered":"\t\t<div data-elementor-type=\"wp-page\" data-elementor-id=\"370\" class=\"elementor elementor-370\" data-elementor-post-type=\"page\">\n\t\t\t\t<div class=\"elementor-element elementor-element-4a5a395 e-flex e-con-boxed e-con e-parent\" data-id=\"4a5a395\" data-element_type=\"container\">\n\t\t\t\t\t<div class=\"e-con-inner\">\n\t\t\t\t<div class=\"elementor-element elementor-element-b97c6ed elementor-widget elementor-widget-heading\" data-id=\"b97c6ed\" data-element_type=\"widget\" data-widget_type=\"heading.default\">\n\t\t\t\t<div class=\"elementor-widget-container\">\n\t\t\t\t\t<h1 class=\"elementor-heading-title elementor-size-default\">Egresados<\/h1>\t\t\t\t<\/div>\n\t\t\t\t<\/div>\n\t\t\t\t\t<\/div>\n\t\t\t\t<\/div>\n\t\t<div class=\"elementor-element elementor-element-25b1833 e-flex e-con-boxed e-con e-parent\" data-id=\"25b1833\" data-element_type=\"container\">\n\t\t\t\t\t<div class=\"e-con-inner\">\n\t\t\t\t<div class=\"elementor-element elementor-element-f1694a2 elementor-widget elementor-widget-spacer\" data-id=\"f1694a2\" data-element_type=\"widget\" data-widget_type=\"spacer.default\">\n\t\t\t\t<div class=\"elementor-widget-container\">\n\t\t\t\t\t\t\t<div class=\"elementor-spacer\">\n\t\t\t<div class=\"elementor-spacer-inner\"><\/div>\n\t\t<\/div>\n\t\t\t\t\t\t<\/div>\n\t\t\t\t<\/div>\n\t\t\t\t\t<\/div>\n\t\t\t\t<\/div>\n\t\t<div class=\"elementor-element elementor-element-9c5d790 e-flex e-con-boxed e-con e-parent\" data-id=\"9c5d790\" data-element_type=\"container\">\n\t\t\t\t\t<div class=\"e-con-inner\">\n\t\t\t\t<div class=\"elementor-element elementor-element-7c09d17 elementor-widget elementor-widget-text-editor\" data-id=\"7c09d17\" data-element_type=\"widget\" data-widget_type=\"text-editor.default\">\n\t\t\t\t<div class=\"elementor-widget-container\">\n\t\t\t\t\t\t\t\t\t<p>Egresados a la fecha de la Especializaci\u00f3n en Bioqu\u00edmica Cl\u00ednica \u00c1rea Endocrinolog\u00eda:<\/p>\t\t\t\t\t\t\t\t<\/div>\n\t\t\t\t<\/div>\n\t\t\t\t\t<\/div>\n\t\t\t\t<\/div>\n\t\t<div class=\"elementor-element elementor-element-92d9da6 e-flex e-con-boxed e-con e-parent\" data-id=\"92d9da6\" data-element_type=\"container\">\n\t\t\t\t\t<div class=\"e-con-inner\">\n\t\t\t\t<div class=\"elementor-element elementor-element-135ded5 elementor-position-right elementor-view-default elementor-mobile-position-top elementor-widget elementor-widget-icon-box\" data-id=\"135ded5\" data-element_type=\"widget\" data-widget_type=\"icon-box.default\">\n\t\t\t\t<div class=\"elementor-widget-container\">\n\t\t\t\t\t\t\t<div class=\"elementor-icon-box-wrapper\">\n\n\t\t\t\t\t\t<div class=\"elementor-icon-box-icon\">\n\t\t\t\t<a href=\"https:\/\/institucionales.fceqyn.unam.edu.ar\/especializacionbioquimicaclinica\/wp-content\/uploads\/sites\/6\/2023\/09\/Tesis_AGUIRRE.pdf\" target=\"_blank\" class=\"elementor-icon\" tabindex=\"-1\" aria-label=\"Bqca. Esp. Cristina Beatriz AGUIRRE\">\n\t\t\t\t<i aria-hidden=\"true\" class=\"fas fa-external-link-alt\"><\/i>\t\t\t\t<\/a>\n\t\t\t<\/div>\n\t\t\t\n\t\t\t\t\t\t<div class=\"elementor-icon-box-content\">\n\n\t\t\t\t\t\t\t\t\t<h4 class=\"elementor-icon-box-title\">\n\t\t\t\t\t\t<a href=\"https:\/\/institucionales.fceqyn.unam.edu.ar\/especializacionbioquimicaclinica\/wp-content\/uploads\/sites\/6\/2023\/09\/Tesis_AGUIRRE.pdf\" target=\"_blank\" >\n\t\t\t\t\t\t\tBqca. Esp. Cristina Beatriz AGUIRRE\t\t\t\t\t\t<\/a>\n\t\t\t\t\t<\/h4>\n\t\t\t\t\n\t\t\t\t\t\t\t\t\t<p class=\"elementor-icon-box-description\">\n\t\t\t\t\t\tTesis: El Hipotiroidismo Subcl\u00ednico en la Enfermedad Renal Cr\u00f3nica.\t\t\t\t\t<\/p>\n\t\t\t\t\n\t\t\t<\/div>\n\t\t\t\n\t\t<\/div>\n\t\t\t\t\t\t<\/div>\n\t\t\t\t<\/div>\n\t\t\t\t<div class=\"elementor-element elementor-element-6366bc1 elementor-position-right elementor-view-default elementor-mobile-position-top elementor-widget elementor-widget-icon-box\" data-id=\"6366bc1\" data-element_type=\"widget\" data-widget_type=\"icon-box.default\">\n\t\t\t\t<div class=\"elementor-widget-container\">\n\t\t\t\t\t\t\t<div class=\"elementor-icon-box-wrapper\">\n\n\t\t\t\t\t\t<div class=\"elementor-icon-box-icon\">\n\t\t\t\t<a href=\"https:\/\/institucionales.fceqyn.unam.edu.ar\/especializacionbioquimicaclinica\/wp-content\/uploads\/sites\/6\/2023\/09\/Tesis_MANULAK.pdf\" target=\"_blank\" class=\"elementor-icon\" tabindex=\"-1\" aria-label=\"Bqca. Esp. Mar\u00eda A. MANULAK\">\n\t\t\t\t<i aria-hidden=\"true\" class=\"fas fa-external-link-alt\"><\/i>\t\t\t\t<\/a>\n\t\t\t<\/div>\n\t\t\t\n\t\t\t\t\t\t<div class=\"elementor-icon-box-content\">\n\n\t\t\t\t\t\t\t\t\t<h4 class=\"elementor-icon-box-title\">\n\t\t\t\t\t\t<a href=\"https:\/\/institucionales.fceqyn.unam.edu.ar\/especializacionbioquimicaclinica\/wp-content\/uploads\/sites\/6\/2023\/09\/Tesis_MANULAK.pdf\" target=\"_blank\" >\n\t\t\t\t\t\t\tBqca. Esp. Mar\u00eda A. MANULAK\t\t\t\t\t\t<\/a>\n\t\t\t\t\t<\/h4>\n\t\t\t\t\n\t\t\t\t\t\t\t\t\t<p class=\"elementor-icon-box-description\">\n\t\t\t\t\t\tTesis: Enfermedad Celiaca: Frecuencia y Asociaci\u00f3n con Enfermedad Tiroidea Autoinmune.\t\t\t\t\t<\/p>\n\t\t\t\t\n\t\t\t<\/div>\n\t\t\t\n\t\t<\/div>\n\t\t\t\t\t\t<\/div>\n\t\t\t\t<\/div>\n\t\t\t\t<div class=\"elementor-element elementor-element-83f524c elementor-position-right elementor-view-default elementor-mobile-position-top elementor-widget elementor-widget-icon-box\" data-id=\"83f524c\" data-element_type=\"widget\" data-widget_type=\"icon-box.default\">\n\t\t\t\t<div class=\"elementor-widget-container\">\n\t\t\t\t\t\t\t<div class=\"elementor-icon-box-wrapper\">\n\n\t\t\t\t\t\t<div class=\"elementor-icon-box-icon\">\n\t\t\t\t<a href=\"https:\/\/institucionales.fceqyn.unam.edu.ar\/especializacionbioquimicaclinica\/wp-content\/uploads\/sites\/6\/2023\/09\/Tesis_HEUER.pdf\" target=\"_blank\" class=\"elementor-icon\" tabindex=\"-1\" aria-label=\"Bqca. Esp. Paola E. HEUER\">\n\t\t\t\t<i aria-hidden=\"true\" class=\"fas fa-external-link-alt\"><\/i>\t\t\t\t<\/a>\n\t\t\t<\/div>\n\t\t\t\n\t\t\t\t\t\t<div class=\"elementor-icon-box-content\">\n\n\t\t\t\t\t\t\t\t\t<h4 class=\"elementor-icon-box-title\">\n\t\t\t\t\t\t<a href=\"https:\/\/institucionales.fceqyn.unam.edu.ar\/especializacionbioquimicaclinica\/wp-content\/uploads\/sites\/6\/2023\/09\/Tesis_HEUER.pdf\" target=\"_blank\" >\n\t\t\t\t\t\t\tBqca. Esp. Paola E. HEUER\t\t\t\t\t\t<\/a>\n\t\t\t\t\t<\/h4>\n\t\t\t\t\n\t\t\t\t\t\t\t\t\t<p class=\"elementor-icon-box-description\">\n\t\t\t\t\t\tTesis: Estado Nutricional, Insulinorresistencia y Perfil Lip\u00eddico durante el Embarazo.\t\t\t\t\t<\/p>\n\t\t\t\t\n\t\t\t<\/div>\n\t\t\t\n\t\t<\/div>\n\t\t\t\t\t\t<\/div>\n\t\t\t\t<\/div>\n\t\t\t\t<div class=\"elementor-element elementor-element-fef6eb2 elementor-position-right elementor-view-default elementor-mobile-position-top elementor-widget elementor-widget-icon-box\" data-id=\"fef6eb2\" data-element_type=\"widget\" data-widget_type=\"icon-box.default\">\n\t\t\t\t<div class=\"elementor-widget-container\">\n\t\t\t\t\t\t\t<div class=\"elementor-icon-box-wrapper\">\n\n\t\t\t\t\t\t<div class=\"elementor-icon-box-icon\">\n\t\t\t\t<a href=\"https:\/\/institucionales.fceqyn.unam.edu.ar\/especializacionbioquimicaclinica\/wp-content\/uploads\/sites\/6\/2023\/09\/Tesis_TALAVERA.pdf\" target=\"_blank\" class=\"elementor-icon\" tabindex=\"-1\" aria-label=\"Bqca. Esp. Yolanda B. TALAVERA RAM\u00cdREZ\">\n\t\t\t\t<i aria-hidden=\"true\" class=\"fas fa-external-link-alt\"><\/i>\t\t\t\t<\/a>\n\t\t\t<\/div>\n\t\t\t\n\t\t\t\t\t\t<div class=\"elementor-icon-box-content\">\n\n\t\t\t\t\t\t\t\t\t<h4 class=\"elementor-icon-box-title\">\n\t\t\t\t\t\t<a href=\"https:\/\/institucionales.fceqyn.unam.edu.ar\/especializacionbioquimicaclinica\/wp-content\/uploads\/sites\/6\/2023\/09\/Tesis_TALAVERA.pdf\" target=\"_blank\" >\n\t\t\t\t\t\t\tBqca. Esp. Yolanda B. TALAVERA RAM\u00cdREZ\t\t\t\t\t\t<\/a>\n\t\t\t\t\t<\/h4>\n\t\t\t\t\n\t\t\t\t\t\t\t\t\t<p class=\"elementor-icon-box-description\">\n\t\t\t\t\t\tTesis: Evaluaci\u00f3n del D\u00e9ficit de Vitamina D en Mujeres Adultas.\t\t\t\t\t<\/p>\n\t\t\t\t\n\t\t\t<\/div>\n\t\t\t\n\t\t<\/div>\n\t\t\t\t\t\t<\/div>\n\t\t\t\t<\/div>\n\t\t\t\t<div class=\"elementor-element elementor-element-e21dfcc elementor-position-right elementor-view-default elementor-mobile-position-top elementor-widget elementor-widget-icon-box\" data-id=\"e21dfcc\" data-element_type=\"widget\" data-widget_type=\"icon-box.default\">\n\t\t\t\t<div class=\"elementor-widget-container\">\n\t\t\t\t\t\t\t<div class=\"elementor-icon-box-wrapper\">\n\n\t\t\t\t\t\t<div class=\"elementor-icon-box-icon\">\n\t\t\t\t<a href=\"https:\/\/institucionales.fceqyn.unam.edu.ar\/especializacionbioquimicaclinica\/wp-content\/uploads\/sites\/6\/2023\/09\/KOLBE_DICKEL_LILIAN-Trabajo_Final_Esp_Bqca_Clin_area_Endocrinologa.pdf\" target=\"_blank\" class=\"elementor-icon\" tabindex=\"-1\" aria-label=\"Bqca. Esp. Lilian KOLBE DICKEL\">\n\t\t\t\t<i aria-hidden=\"true\" class=\"fas fa-external-link-alt\"><\/i>\t\t\t\t<\/a>\n\t\t\t<\/div>\n\t\t\t\n\t\t\t\t\t\t<div class=\"elementor-icon-box-content\">\n\n\t\t\t\t\t\t\t\t\t<h4 class=\"elementor-icon-box-title\">\n\t\t\t\t\t\t<a href=\"https:\/\/institucionales.fceqyn.unam.edu.ar\/especializacionbioquimicaclinica\/wp-content\/uploads\/sites\/6\/2023\/09\/KOLBE_DICKEL_LILIAN-Trabajo_Final_Esp_Bqca_Clin_area_Endocrinologa.pdf\" target=\"_blank\" >\n\t\t\t\t\t\t\tBqca. Esp. Lilian KOLBE DICKEL\t\t\t\t\t\t<\/a>\n\t\t\t\t\t<\/h4>\n\t\t\t\t\n\t\t\t\t\t\t\t\t\t<p class=\"elementor-icon-box-description\">\n\t\t\t\t\t\tTesis: Perfil Tiroidea y factores de riesgo cardiovascular en poblaci\u00f3n de adultos de la ciudad de Obligado, Itap\u00faa-Paraguay.\t\t\t\t\t<\/p>\n\t\t\t\t\n\t\t\t<\/div>\n\t\t\t\n\t\t<\/div>\n\t\t\t\t\t\t<\/div>\n\t\t\t\t<\/div>\n\t\t\t\t<div class=\"elementor-element elementor-element-0214447 elementor-position-right elementor-view-default elementor-mobile-position-top elementor-widget elementor-widget-icon-box\" data-id=\"0214447\" data-element_type=\"widget\" data-widget_type=\"icon-box.default\">\n\t\t\t\t<div class=\"elementor-widget-container\">\n\t\t\t\t\t\t\t<div class=\"elementor-icon-box-wrapper\">\n\n\t\t\t\t\t\t<div class=\"elementor-icon-box-icon\">\n\t\t\t\t<a href=\"https:\/\/institucionales.fceqyn.unam.edu.ar\/especializacionbioquimicaclinica\/wp-content\/uploads\/sites\/6\/2023\/09\/Tesis_MIR.pdf\" target=\"_blank\" class=\"elementor-icon\" tabindex=\"-1\" aria-label=\"Bqca. Esp. Claudia Nora MIR\">\n\t\t\t\t<i aria-hidden=\"true\" class=\"fas fa-external-link-alt\"><\/i>\t\t\t\t<\/a>\n\t\t\t<\/div>\n\t\t\t\n\t\t\t\t\t\t<div class=\"elementor-icon-box-content\">\n\n\t\t\t\t\t\t\t\t\t<h4 class=\"elementor-icon-box-title\">\n\t\t\t\t\t\t<a href=\"https:\/\/institucionales.fceqyn.unam.edu.ar\/especializacionbioquimicaclinica\/wp-content\/uploads\/sites\/6\/2023\/09\/Tesis_MIR.pdf\" target=\"_blank\" >\n\t\t\t\t\t\t\tBqca. Esp. Claudia Nora MIR\t\t\t\t\t\t<\/a>\n\t\t\t\t\t<\/h4>\n\t\t\t\t\n\t\t\t\t\t\t\t\t\t<p class=\"elementor-icon-box-description\">\n\t\t\t\t\t\tTesis: Disfunci\u00f3n Tiroidea en embarazadas de la Ciudad de Posadas.\t\t\t\t\t<\/p>\n\t\t\t\t\n\t\t\t<\/div>\n\t\t\t\n\t\t<\/div>\n\t\t\t\t\t\t<\/div>\n\t\t\t\t<\/div>\n\t\t\t\t<div class=\"elementor-element elementor-element-a5c4a62 elementor-position-right elementor-view-default elementor-mobile-position-top elementor-widget elementor-widget-icon-box\" data-id=\"a5c4a62\" data-element_type=\"widget\" data-widget_type=\"icon-box.default\">\n\t\t\t\t<div class=\"elementor-widget-container\">\n\t\t\t\t\t\t\t<div class=\"elementor-icon-box-wrapper\">\n\n\t\t\t\t\t\t<div class=\"elementor-icon-box-icon\">\n\t\t\t\t<a href=\"https:\/\/institucionales.fceqyn.unam.edu.ar\/especializacionbioquimicaclinica\/wp-content\/uploads\/sites\/6\/2023\/09\/TESIS_HPT2-GONZALEZ_Mnica.pdf\" target=\"_blank\" class=\"elementor-icon\" tabindex=\"-1\" aria-label=\"Bqca. Esp. M\u00f3nica Mar\u00eda GONZ\u00c1LEZ\">\n\t\t\t\t<i aria-hidden=\"true\" class=\"fas fa-external-link-alt\"><\/i>\t\t\t\t<\/a>\n\t\t\t<\/div>\n\t\t\t\n\t\t\t\t\t\t<div class=\"elementor-icon-box-content\">\n\n\t\t\t\t\t\t\t\t\t<h4 class=\"elementor-icon-box-title\">\n\t\t\t\t\t\t<a href=\"https:\/\/institucionales.fceqyn.unam.edu.ar\/especializacionbioquimicaclinica\/wp-content\/uploads\/sites\/6\/2023\/09\/TESIS_HPT2-GONZALEZ_Mnica.pdf\" target=\"_blank\" >\n\t\t\t\t\t\t\tBqca. Esp. M\u00f3nica Mar\u00eda GONZ\u00c1LEZ\t\t\t\t\t\t<\/a>\n\t\t\t\t\t<\/h4>\n\t\t\t\t\n\t\t\t\t\t\t\t\t\t<p class=\"elementor-icon-box-description\">\n\t\t\t\t\t\tTesis: Hiperparatiroidismo secundario en pacientes dializados del Hospital Regional de Encarnaci\u00f3n Paraguay.\t\t\t\t\t<\/p>\n\t\t\t\t\n\t\t\t<\/div>\n\t\t\t\n\t\t<\/div>\n\t\t\t\t\t\t<\/div>\n\t\t\t\t<\/div>\n\t\t\t\t<div class=\"elementor-element elementor-element-281e504 elementor-position-right elementor-view-default elementor-mobile-position-top elementor-widget elementor-widget-icon-box\" data-id=\"281e504\" data-element_type=\"widget\" data-widget_type=\"icon-box.default\">\n\t\t\t\t<div class=\"elementor-widget-container\">\n\t\t\t\t\t\t\t<div class=\"elementor-icon-box-wrapper\">\n\n\t\t\t\t\t\t<div class=\"elementor-icon-box-icon\">\n\t\t\t\t<a href=\"https:\/\/institucionales.fceqyn.unam.edu.ar\/especializacionbioquimicaclinica\/wp-content\/uploads\/sites\/6\/2023\/09\/TESIS_trabajo_final_Bqca_Esp__M__Mercedes_FORMICHELA.pdf\" target=\"_blank\" class=\"elementor-icon\" tabindex=\"-1\" aria-label=\"Bqca. Esp. Mar\u00eda Mercedes FORMICHELA\">\n\t\t\t\t<i aria-hidden=\"true\" class=\"fas fa-external-link-alt\"><\/i>\t\t\t\t<\/a>\n\t\t\t<\/div>\n\t\t\t\n\t\t\t\t\t\t<div class=\"elementor-icon-box-content\">\n\n\t\t\t\t\t\t\t\t\t<h4 class=\"elementor-icon-box-title\">\n\t\t\t\t\t\t<a href=\"https:\/\/institucionales.fceqyn.unam.edu.ar\/especializacionbioquimicaclinica\/wp-content\/uploads\/sites\/6\/2023\/09\/TESIS_trabajo_final_Bqca_Esp__M__Mercedes_FORMICHELA.pdf\" target=\"_blank\" >\n\t\t\t\t\t\t\tBqca. Esp. Mar\u00eda Mercedes FORMICHELA\t\t\t\t\t\t<\/a>\n\t\t\t\t\t<\/h4>\n\t\t\t\t\n\t\t\t\t\t\t\t\t\t<p class=\"elementor-icon-box-description\">\n\t\t\t\t\t\tTesis: Pacientes Diab\u00e9ticos con expresi\u00f3n alterada del gen PTEN, su asociaci\u00f3n con la susceptibilidad al desarrollo de neoplasias.\t\t\t\t\t<\/p>\n\t\t\t\t\n\t\t\t<\/div>\n\t\t\t\n\t\t<\/div>\n\t\t\t\t\t\t<\/div>\n\t\t\t\t<\/div>\n\t\t\t\t<div class=\"elementor-element elementor-element-24befd4 elementor-position-right elementor-view-default elementor-mobile-position-top elementor-widget elementor-widget-icon-box\" data-id=\"24befd4\" data-element_type=\"widget\" data-widget_type=\"icon-box.default\">\n\t\t\t\t<div class=\"elementor-widget-container\">\n\t\t\t\t\t\t\t<div class=\"elementor-icon-box-wrapper\">\n\n\t\t\t\t\t\t<div class=\"elementor-icon-box-icon\">\n\t\t\t\t<a href=\"https:\/\/institucionales.fceqyn.unam.edu.ar\/especializacionbioquimicaclinica\/wp-content\/uploads\/sites\/6\/2023\/09\/TESIS_EDITH_GENEZ_YEZA_2020.pdf\" target=\"_blank\" class=\"elementor-icon\" tabindex=\"-1\" aria-label=\"Bqca. Esp. Edith Noem\u00ed GEN\u00c9Z YEZA\">\n\t\t\t\t<i aria-hidden=\"true\" class=\"fas fa-external-link-alt\"><\/i>\t\t\t\t<\/a>\n\t\t\t<\/div>\n\t\t\t\n\t\t\t\t\t\t<div class=\"elementor-icon-box-content\">\n\n\t\t\t\t\t\t\t\t\t<h4 class=\"elementor-icon-box-title\">\n\t\t\t\t\t\t<a href=\"https:\/\/institucionales.fceqyn.unam.edu.ar\/especializacionbioquimicaclinica\/wp-content\/uploads\/sites\/6\/2023\/09\/TESIS_EDITH_GENEZ_YEZA_2020.pdf\" target=\"_blank\" >\n\t\t\t\t\t\t\tBqca. Esp. Edith Noem\u00ed GEN\u00c9Z YEZA\t\t\t\t\t\t<\/a>\n\t\t\t\t\t<\/h4>\n\t\t\t\t\n\t\t\t\t\t\t\t\t\t<p class=\"elementor-icon-box-description\">\n\t\t\t\t\t\tTesis: Prevalencia de disfunci\u00f3n tiroidea y su relaci\u00f3n con el perfil lip\u00eddico en pacientes ambulatorios que concurren al Hospital Regional de Encarnaci\u00f3n.\t\t\t\t\t<\/p>\n\t\t\t\t\n\t\t\t<\/div>\n\t\t\t\n\t\t<\/div>\n\t\t\t\t\t\t<\/div>\n\t\t\t\t<\/div>\n\t\t\t\t<div class=\"elementor-element elementor-element-2531e0f elementor-position-right elementor-view-default elementor-mobile-position-top elementor-widget elementor-widget-icon-box\" data-id=\"2531e0f\" data-element_type=\"widget\" data-widget_type=\"icon-box.default\">\n\t\t\t\t<div class=\"elementor-widget-container\">\n\t\t\t\t\t\t\t<div class=\"elementor-icon-box-wrapper\">\n\n\t\t\t\t\t\t<div class=\"elementor-icon-box-icon\">\n\t\t\t\t<a href=\"https:\/\/institucionales.fceqyn.unam.edu.ar\/especializacionbioquimicaclinica\/wp-content\/uploads\/sites\/6\/2023\/09\/Tesis_Esp__Esmilce_Valdez.pdf\" target=\"_blank\" class=\"elementor-icon\" tabindex=\"-1\" aria-label=\"Bqca. Esp. Esmilce VALDEZ\">\n\t\t\t\t<i aria-hidden=\"true\" class=\"fas fa-external-link-alt\"><\/i>\t\t\t\t<\/a>\n\t\t\t<\/div>\n\t\t\t\n\t\t\t\t\t\t<div class=\"elementor-icon-box-content\">\n\n\t\t\t\t\t\t\t\t\t<h4 class=\"elementor-icon-box-title\">\n\t\t\t\t\t\t<a href=\"https:\/\/institucionales.fceqyn.unam.edu.ar\/especializacionbioquimicaclinica\/wp-content\/uploads\/sites\/6\/2023\/09\/Tesis_Esp__Esmilce_Valdez.pdf\" target=\"_blank\" >\n\t\t\t\t\t\t\tBqca. Esp. Esmilce VALDEZ\t\t\t\t\t\t<\/a>\n\t\t\t\t\t<\/h4>\n\t\t\t\t\n\t\t\t\t\t\t\t\t\t<p class=\"elementor-icon-box-description\">\n\t\t\t\t\t\tTesis: S\u00edndrome metab\u00f3lico y receptores Hormonales en pacientes con c\u00e1ncer de mama de la Ciudad de Encarnaci\u00f3n, Itapua-Paraguay.\t\t\t\t\t<\/p>\n\t\t\t\t\n\t\t\t<\/div>\n\t\t\t\n\t\t<\/div>\n\t\t\t\t\t\t<\/div>\n\t\t\t\t<\/div>\n\t\t\t\t<div class=\"elementor-element elementor-element-6cb0837 elementor-position-right elementor-view-default elementor-mobile-position-top elementor-widget elementor-widget-icon-box\" data-id=\"6cb0837\" data-element_type=\"widget\" data-widget_type=\"icon-box.default\">\n\t\t\t\t<div class=\"elementor-widget-container\">\n\t\t\t\t\t\t\t<div class=\"elementor-icon-box-wrapper\">\n\n\t\t\t\t\t\t<div class=\"elementor-icon-box-icon\">\n\t\t\t\t<a href=\"https:\/\/institucionales.fceqyn.unam.edu.ar\/especializacionbioquimicaclinica\/wp-content\/uploads\/sites\/6\/2023\/09\/Tesis-NECHESNY_KISZKO_OLGA_GABRIELA.pdf\" class=\"elementor-icon\" tabindex=\"-1\" aria-label=\"Bqca. Esp. Olga Gabriela NECHESNY KISZCO\">\n\t\t\t\t<i aria-hidden=\"true\" class=\"fas fa-external-link-alt\"><\/i>\t\t\t\t<\/a>\n\t\t\t<\/div>\n\t\t\t\n\t\t\t\t\t\t<div class=\"elementor-icon-box-content\">\n\n\t\t\t\t\t\t\t\t\t<h4 class=\"elementor-icon-box-title\">\n\t\t\t\t\t\t<a href=\"https:\/\/institucionales.fceqyn.unam.edu.ar\/especializacionbioquimicaclinica\/wp-content\/uploads\/sites\/6\/2023\/09\/Tesis-NECHESNY_KISZKO_OLGA_GABRIELA.pdf\" >\n\t\t\t\t\t\t\tBqca. Esp. Olga Gabriela NECHESNY KISZCO\t\t\t\t\t\t<\/a>\n\t\t\t\t\t<\/h4>\n\t\t\t\t\n\t\t\t\t\t\t\t\t\t<p class=\"elementor-icon-box-description\">\n\t\t\t\t\t\tTesis:  Hipotiroidismo, influencia de las hormonas tiroideas sobre los par\u00e1metros de la hemostasia y el eritrograma, en una poblaci\u00f3n adulta que concurre al Laboratorio de Alta Complejidad, Misiones.\t\t\t\t\t<\/p>\n\t\t\t\t\n\t\t\t<\/div>\n\t\t\t\n\t\t<\/div>\n\t\t\t\t\t\t<\/div>\n\t\t\t\t<\/div>\n\t\t\t\t<div class=\"elementor-element elementor-element-90eb166 elementor-position-right elementor-view-default elementor-mobile-position-top elementor-widget elementor-widget-icon-box\" data-id=\"90eb166\" data-element_type=\"widget\" data-widget_type=\"icon-box.default\">\n\t\t\t\t<div class=\"elementor-widget-container\">\n\t\t\t\t\t\t\t<div class=\"elementor-icon-box-wrapper\">\n\n\t\t\t\t\t\t<div class=\"elementor-icon-box-icon\">\n\t\t\t\t<a href=\"https:\/\/institucionales.fceqyn.unam.edu.ar\/especializacionbioquimicaclinica\/wp-content\/uploads\/sites\/6\/2025\/02\/Bqca.-Esp.-ARES-ROCIO-M.pdf\" target=\"_blank\" class=\"elementor-icon\" tabindex=\"-1\" aria-label=\"Bqca. Esp. Rocio M. ARES\">\n\t\t\t\t<i aria-hidden=\"true\" class=\"fas fa-external-link-alt\"><\/i>\t\t\t\t<\/a>\n\t\t\t<\/div>\n\t\t\t\n\t\t\t\t\t\t<div class=\"elementor-icon-box-content\">\n\n\t\t\t\t\t\t\t\t\t<h4 class=\"elementor-icon-box-title\">\n\t\t\t\t\t\t<a href=\"https:\/\/institucionales.fceqyn.unam.edu.ar\/especializacionbioquimicaclinica\/wp-content\/uploads\/sites\/6\/2025\/02\/Bqca.-Esp.-ARES-ROCIO-M.pdf\" target=\"_blank\" >\n\t\t\t\t\t\t\tBqca. Esp. Rocio M. ARES\t\t\t\t\t\t<\/a>\n\t\t\t\t\t<\/h4>\n\t\t\t\t\n\t\t\t\t\t\t\t\t\t<p class=\"elementor-icon-box-description\">\n\t\t\t\t\t\tTesis: Perfil tiroideo y factores de riesgo cardiovascular en individuos adultos mbya guaran\u00ed de la provincia de misiones: estudio descriptivo.\t\t\t\t\t<\/p>\n\t\t\t\t\n\t\t\t<\/div>\n\t\t\t\n\t\t<\/div>\n\t\t\t\t\t\t<\/div>\n\t\t\t\t<\/div>\n\t\t\t\t<div class=\"elementor-element elementor-element-151ec86 elementor-position-right elementor-view-default elementor-mobile-position-top elementor-widget elementor-widget-icon-box\" data-id=\"151ec86\" data-element_type=\"widget\" data-widget_type=\"icon-box.default\">\n\t\t\t\t<div class=\"elementor-widget-container\">\n\t\t\t\t\t\t\t<div class=\"elementor-icon-box-wrapper\">\n\n\t\t\t\t\t\t<div class=\"elementor-icon-box-icon\">\n\t\t\t\t<a href=\"https:\/\/institucionales.fceqyn.unam.edu.ar\/especializacionbioquimicaclinica\/wp-content\/uploads\/sites\/6\/2025\/09\/Tesis_Erica_Strus.pdf\" target=\"_blank\" class=\"elementor-icon\" tabindex=\"-1\" aria-label=\"Bqca. Esp. Erica Natalia STRUS.\">\n\t\t\t\t<i aria-hidden=\"true\" class=\"fas fa-external-link-alt\"><\/i>\t\t\t\t<\/a>\n\t\t\t<\/div>\n\t\t\t\n\t\t\t\t\t\t<div class=\"elementor-icon-box-content\">\n\n\t\t\t\t\t\t\t\t\t<h4 class=\"elementor-icon-box-title\">\n\t\t\t\t\t\t<a href=\"https:\/\/institucionales.fceqyn.unam.edu.ar\/especializacionbioquimicaclinica\/wp-content\/uploads\/sites\/6\/2025\/09\/Tesis_Erica_Strus.pdf\" target=\"_blank\" >\n\t\t\t\t\t\t\tBqca. Esp. Erica Natalia STRUS.\t\t\t\t\t\t<\/a>\n\t\t\t\t\t<\/h4>\n\t\t\t\t\n\t\t\t\t\t\t\t\t\t<p class=\"elementor-icon-box-description\">\n\t\t\t\t\t\tTesis: Prevalencia de hipotiroidismo cl\u00ednico y subcl\u00ednico en mujeres embarazadas atendidas en el laboratorio central de salud p\u00fablica de la provincia del Chaco.\t\t\t\t\t<\/p>\n\t\t\t\t\n\t\t\t<\/div>\n\t\t\t\n\t\t<\/div>\n\t\t\t\t\t\t<\/div>\n\t\t\t\t<\/div>\n\t\t\t\t<div class=\"elementor-element elementor-element-078d60a elementor-position-right elementor-view-default elementor-mobile-position-top elementor-widget elementor-widget-icon-box\" data-id=\"078d60a\" data-element_type=\"widget\" data-widget_type=\"icon-box.default\">\n\t\t\t\t<div class=\"elementor-widget-container\">\n\t\t\t\t\t\t\t<div class=\"elementor-icon-box-wrapper\">\n\n\t\t\t\t\t\t<div class=\"elementor-icon-box-icon\">\n\t\t\t\t<a href=\"https:\/\/institucionales.fceqyn.unam.edu.ar\/especializacionbioquimicaclinica\/wp-content\/uploads\/sites\/6\/2026\/03\/Tesis_Daniela_Jara.pdf\" target=\"_blank\" class=\"elementor-icon\" tabindex=\"-1\" aria-label=\"Bqca. Esp. Daniela Silvana JARA.\">\n\t\t\t\t<i aria-hidden=\"true\" class=\"fas fa-external-link-alt\"><\/i>\t\t\t\t<\/a>\n\t\t\t<\/div>\n\t\t\t\n\t\t\t\t\t\t<div class=\"elementor-icon-box-content\">\n\n\t\t\t\t\t\t\t\t\t<h4 class=\"elementor-icon-box-title\">\n\t\t\t\t\t\t<a href=\"https:\/\/institucionales.fceqyn.unam.edu.ar\/especializacionbioquimicaclinica\/wp-content\/uploads\/sites\/6\/2026\/03\/Tesis_Daniela_Jara.pdf\" target=\"_blank\" >\n\t\t\t\t\t\t\tBqca. Esp. Daniela Silvana JARA.\t\t\t\t\t\t<\/a>\n\t\t\t\t\t<\/h4>\n\t\t\t\t\n\t\t\t\t\t\t\t\t\t<p class=\"elementor-icon-box-description\">\n\t\t\t\t\t\tTesis: Marcadores de Formaci\u00f3n y Resorci\u00f3n \u00f3sea en pacientes con Osteoporosis.\t\t\t\t\t<\/p>\n\t\t\t\t\n\t\t\t<\/div>\n\t\t\t\n\t\t<\/div>\n\t\t\t\t\t\t<\/div>\n\t\t\t\t<\/div>\n\t\t\t\t<div class=\"elementor-element elementor-element-1718a5d elementor-position-right elementor-view-default elementor-mobile-position-top elementor-widget elementor-widget-icon-box\" data-id=\"1718a5d\" data-element_type=\"widget\" data-widget_type=\"icon-box.default\">\n\t\t\t\t<div class=\"elementor-widget-container\">\n\t\t\t\t\t\t\t<div class=\"elementor-icon-box-wrapper\">\n\n\t\t\t\t\t\t<div class=\"elementor-icon-box-icon\">\n\t\t\t\t<a href=\"https:\/\/institucionales.fceqyn.unam.edu.ar\/especializacionbioquimicaclinica\/wp-content\/uploads\/sites\/6\/2026\/03\/Tesis_Pablo_Gerula.pdf\" target=\"_blank\" class=\"elementor-icon\" tabindex=\"-1\" aria-label=\"Bqca. Esp. Pablo Iv\u00e1n GERULA.\">\n\t\t\t\t<i aria-hidden=\"true\" class=\"fas fa-external-link-alt\"><\/i>\t\t\t\t<\/a>\n\t\t\t<\/div>\n\t\t\t\n\t\t\t\t\t\t<div class=\"elementor-icon-box-content\">\n\n\t\t\t\t\t\t\t\t\t<h4 class=\"elementor-icon-box-title\">\n\t\t\t\t\t\t<a href=\"https:\/\/institucionales.fceqyn.unam.edu.ar\/especializacionbioquimicaclinica\/wp-content\/uploads\/sites\/6\/2026\/03\/Tesis_Pablo_Gerula.pdf\" target=\"_blank\" >\n\t\t\t\t\t\t\tBqca. Esp. Pablo Iv\u00e1n GERULA.\t\t\t\t\t\t<\/a>\n\t\t\t\t\t<\/h4>\n\t\t\t\t\n\t\t\t\t\t\t\t\t\t<p class=\"elementor-icon-box-description\">\n\t\t\t\t\t\tTesis: Prevalencia de disfunsi\u00f3n tiroidea en pacientes con diabetes mellitus tipo 2 y su relaci\u00f3n con factores de riesgo metab\u00f3lico en la poblaci\u00f3n de Bernardo de Irigoyen, Misiones, Argentina.\t\t\t\t\t<\/p>\n\t\t\t\t\n\t\t\t<\/div>\n\t\t\t\n\t\t<\/div>\n\t\t\t\t\t\t<\/div>\n\t\t\t\t<\/div>\n\t\t\t\t<div class=\"elementor-element elementor-element-680ffeb elementor-position-right elementor-view-default elementor-mobile-position-top elementor-widget elementor-widget-icon-box\" data-id=\"680ffeb\" data-element_type=\"widget\" data-widget_type=\"icon-box.default\">\n\t\t\t\t<div class=\"elementor-widget-container\">\n\t\t\t\t\t\t\t<div class=\"elementor-icon-box-wrapper\">\n\n\t\t\t\t\t\t<div class=\"elementor-icon-box-icon\">\n\t\t\t\t<a href=\"https:\/\/institucionales.fceqyn.unam.edu.ar\/especializacionbioquimicaclinica\/wp-content\/uploads\/sites\/6\/2026\/03\/Tesis_Gabriela_Krzyminski.pdf\" target=\"_blank\" class=\"elementor-icon\" tabindex=\"-1\" aria-label=\"Bqca. Esp. Gabriela F. KRZYMINSKI.\">\n\t\t\t\t<i aria-hidden=\"true\" class=\"fas fa-external-link-alt\"><\/i>\t\t\t\t<\/a>\n\t\t\t<\/div>\n\t\t\t\n\t\t\t\t\t\t<div class=\"elementor-icon-box-content\">\n\n\t\t\t\t\t\t\t\t\t<h4 class=\"elementor-icon-box-title\">\n\t\t\t\t\t\t<a href=\"https:\/\/institucionales.fceqyn.unam.edu.ar\/especializacionbioquimicaclinica\/wp-content\/uploads\/sites\/6\/2026\/03\/Tesis_Gabriela_Krzyminski.pdf\" target=\"_blank\" >\n\t\t\t\t\t\t\tBqca. Esp. Gabriela F. KRZYMINSKI.\t\t\t\t\t\t<\/a>\n\t\t\t\t\t<\/h4>\n\t\t\t\t\n\t\t\t\t\t\t\t\t\t<p class=\"elementor-icon-box-description\">\n\t\t\t\t\t\tTesis: Interferencias metodol\u00f3gicas y farmacol\u00f3gicas en el dosaje hormonal: Implicancias en la pr\u00e1ctica cl\u00ednica y estrategias para su minimizaci\u00f3n.\t\t\t\t\t<\/p>\n\t\t\t\t\n\t\t\t<\/div>\n\t\t\t\n\t\t<\/div>\n\t\t\t\t\t\t<\/div>\n\t\t\t\t<\/div>\n\t\t\t\t<div class=\"elementor-element elementor-element-a6a83d8 elementor-position-right elementor-view-default elementor-mobile-position-top elementor-widget elementor-widget-icon-box\" data-id=\"a6a83d8\" data-element_type=\"widget\" data-widget_type=\"icon-box.default\">\n\t\t\t\t<div class=\"elementor-widget-container\">\n\t\t\t\t\t\t\t<div class=\"elementor-icon-box-wrapper\">\n\n\t\t\t\t\t\t<div class=\"elementor-icon-box-icon\">\n\t\t\t\t<a href=\"https:\/\/institucionales.fceqyn.unam.edu.ar\/especializacionbioquimicaclinica\/wp-content\/uploads\/sites\/6\/2026\/03\/Tesis_Nadya_Paez.pdf\" target=\"_blank\" class=\"elementor-icon\" tabindex=\"-1\" aria-label=\"Bqca. Esp. Nadya Isabel P\u00c1EZ GHIRINGHELLI.\">\n\t\t\t\t<i aria-hidden=\"true\" class=\"fas fa-external-link-alt\"><\/i>\t\t\t\t<\/a>\n\t\t\t<\/div>\n\t\t\t\n\t\t\t\t\t\t<div class=\"elementor-icon-box-content\">\n\n\t\t\t\t\t\t\t\t\t<h4 class=\"elementor-icon-box-title\">\n\t\t\t\t\t\t<a href=\"https:\/\/institucionales.fceqyn.unam.edu.ar\/especializacionbioquimicaclinica\/wp-content\/uploads\/sites\/6\/2026\/03\/Tesis_Nadya_Paez.pdf\" target=\"_blank\" >\n\t\t\t\t\t\t\tBqca. Esp. Nadya Isabel P\u00c1EZ GHIRINGHELLI.\t\t\t\t\t\t<\/a>\n\t\t\t\t\t<\/h4>\n\t\t\t\t\n\t\t\t\t\t\t\t\t\t<p class=\"elementor-icon-box-description\">\n\t\t\t\t\t\tTesis: Insulinemia en individuos con perfil metab\u00f3lico alterado: Un enfoque en la resistencia a la insulina.\t\t\t\t\t<\/p>\n\t\t\t\t\n\t\t\t<\/div>\n\t\t\t\n\t\t<\/div>\n\t\t\t\t\t\t<\/div>\n\t\t\t\t<\/div>\n\t\t\t\t<div class=\"elementor-element elementor-element-1f2eb4a elementor-position-right elementor-view-default elementor-mobile-position-top elementor-widget elementor-widget-icon-box\" data-id=\"1f2eb4a\" data-element_type=\"widget\" data-widget_type=\"icon-box.default\">\n\t\t\t\t<div class=\"elementor-widget-container\">\n\t\t\t\t\t\t\t<div class=\"elementor-icon-box-wrapper\">\n\n\t\t\t\t\t\t<div class=\"elementor-icon-box-icon\">\n\t\t\t\t<a href=\"https:\/\/institucionales.fceqyn.unam.edu.ar\/especializacionbioquimicaclinica\/wp-content\/uploads\/sites\/6\/2026\/03\/Tesis_Jose_Cassanelli.pdf\" target=\"_blank\" class=\"elementor-icon\" tabindex=\"-1\" aria-label=\"Bqca. Esp. Jos\u00e9 Luis SA\u00c9Z CASSANELLI.\">\n\t\t\t\t<i aria-hidden=\"true\" class=\"fas fa-external-link-alt\"><\/i>\t\t\t\t<\/a>\n\t\t\t<\/div>\n\t\t\t\n\t\t\t\t\t\t<div class=\"elementor-icon-box-content\">\n\n\t\t\t\t\t\t\t\t\t<h4 class=\"elementor-icon-box-title\">\n\t\t\t\t\t\t<a href=\"https:\/\/institucionales.fceqyn.unam.edu.ar\/especializacionbioquimicaclinica\/wp-content\/uploads\/sites\/6\/2026\/03\/Tesis_Jose_Cassanelli.pdf\" target=\"_blank\" >\n\t\t\t\t\t\t\tBqca. Esp. Jos\u00e9 Luis SA\u00c9Z CASSANELLI.\t\t\t\t\t\t<\/a>\n\t\t\t\t\t<\/h4>\n\t\t\t\t\n\t\t\t\t\t\t\t\t\t<p class=\"elementor-icon-box-description\">\n\t\t\t\t\t\tTesis: Frecuencia de hiperprolactinemia y macroprolactinemia en pacientes del laboratorio central de redes y programas de Corrientes.\t\t\t\t\t<\/p>\n\t\t\t\t\n\t\t\t<\/div>\n\t\t\t\n\t\t<\/div>\n\t\t\t\t\t\t<\/div>\n\t\t\t\t<\/div>\n\t\t\t\t\t<\/div>\n\t\t\t\t<\/div>\n\t\t<div class=\"elementor-element elementor-element-cc63c23 e-flex e-con-boxed e-con e-parent\" data-id=\"cc63c23\" data-element_type=\"container\">\n\t\t\t\t\t<div class=\"e-con-inner\">\n\t\t\t\t<div class=\"elementor-element elementor-element-ceab143 elementor-widget elementor-widget-spacer\" data-id=\"ceab143\" data-element_type=\"widget\" data-widget_type=\"spacer.default\">\n\t\t\t\t<div class=\"elementor-widget-container\">\n\t\t\t\t\t\t\t<div class=\"elementor-spacer\">\n\t\t\t<div class=\"elementor-spacer-inner\"><\/div>\n\t\t<\/div>\n\t\t\t\t\t\t<\/div>\n\t\t\t\t<\/div>\n\t\t\t\t\t<\/div>\n\t\t\t\t<\/div>\n\t\t<div class=\"elementor-element elementor-element-ef955e0 e-flex e-con-boxed e-con e-parent\" data-id=\"ef955e0\" data-element_type=\"container\">\n\t\t\t\t\t<div class=\"e-con-inner\">\n\t\t\t\t<div class=\"elementor-element elementor-element-421c0c8 elementor-widget elementor-widget-text-editor\" data-id=\"421c0c8\" data-element_type=\"widget\" data-widget_type=\"text-editor.default\">\n\t\t\t\t<div class=\"elementor-widget-container\">\n\t\t\t\t\t\t\t\t\tReglamento de Tesis: Consultar en Programa de la Especializaci\u00f3n en Bioqu\u00edmica Cl\u00ednica \u00c1rea Endocrinolog\u00eda &#8211; &#8220;Capitulo 6. Del Trabajo Final&#8221; (Pag. 43-47).\t\t\t\t\t\t\t\t<\/div>\n\t\t\t\t<\/div>\n\t\t\t\t\t<\/div>\n\t\t\t\t<\/div>\n\t\t<div class=\"elementor-element elementor-element-88626c0 e-flex e-con-boxed e-con e-parent\" data-id=\"88626c0\" data-element_type=\"container\">\n\t\t\t\t\t<div class=\"e-con-inner\">\n\t\t\t\t<div class=\"elementor-element elementor-element-46a79c1 elementor-widget elementor-widget-spacer\" data-id=\"46a79c1\" data-element_type=\"widget\" data-widget_type=\"spacer.default\">\n\t\t\t\t<div class=\"elementor-widget-container\">\n\t\t\t\t\t\t\t<div class=\"elementor-spacer\">\n\t\t\t<div class=\"elementor-spacer-inner\"><\/div>\n\t\t<\/div>\n\t\t\t\t\t\t<\/div>\n\t\t\t\t<\/div>\n\t\t\t\t\t<\/div>\n\t\t\t\t<\/div>\n\t\t\t\t<\/div>\n\t\t","protected":false},"excerpt":{"rendered":"<p>Egresados Egresados a la fecha de la Especializaci\u00f3n en Bioqu\u00edmica Cl\u00ednica \u00c1rea Endocrinolog\u00eda: Bqca. Esp. Cristina Beatriz AGUIRRE Tesis: El Hipotiroidismo Subcl\u00ednico en la Enfermedad Renal Cr\u00f3nica. Bqca. Esp. Mar\u00eda A. MANULAK Tesis: Enfermedad Celiaca: Frecuencia y Asociaci\u00f3n con Enfermedad Tiroidea Autoinmune. Bqca. Esp. Paola E. HEUER Tesis: Estado Nutricional, Insulinorresistencia y Perfil Lip\u00eddico durante [&hellip;]<\/p>\n","protected":false},"author":1,"featured_media":0,"parent":0,"menu_order":0,"comment_status":"closed","ping_status":"closed","template":"","meta":{"footnotes":""},"class_list":["post-370","page","type-page","status-publish","hentry"],"_links":{"self":[{"href":"https:\/\/institucionales.fceqyn.unam.edu.ar\/especializacionbioquimicaclinica\/wp-json\/wp\/v2\/pages\/370","targetHints":{"allow":["GET"]}}],"collection":[{"href":"https:\/\/institucionales.fceqyn.unam.edu.ar\/especializacionbioquimicaclinica\/wp-json\/wp\/v2\/pages"}],"about":[{"href":"https:\/\/institucionales.fceqyn.unam.edu.ar\/especializacionbioquimicaclinica\/wp-json\/wp\/v2\/types\/page"}],"author":[{"embeddable":true,"href":"https:\/\/institucionales.fceqyn.unam.edu.ar\/especializacionbioquimicaclinica\/wp-json\/wp\/v2\/users\/1"}],"replies":[{"embeddable":true,"href":"https:\/\/institucionales.fceqyn.unam.edu.ar\/especializacionbioquimicaclinica\/wp-json\/wp\/v2\/comments?post=370"}],"version-history":[{"count":103,"href":"https:\/\/institucionales.fceqyn.unam.edu.ar\/especializacionbioquimicaclinica\/wp-json\/wp\/v2\/pages\/370\/revisions"}],"predecessor-version":[{"id":513,"href":"https:\/\/institucionales.fceqyn.unam.edu.ar\/especializacionbioquimicaclinica\/wp-json\/wp\/v2\/pages\/370\/revisions\/513"}],"wp:attachment":[{"href":"https:\/\/institucionales.fceqyn.unam.edu.ar\/especializacionbioquimicaclinica\/wp-json\/wp\/v2\/media?parent=370"}],"curies":[{"name":"wp","href":"https:\/\/api.w.org\/{rel}","templated":true}]}}